{"id":4695,"date":"2025-11-07T10:53:54","date_gmt":"2025-11-07T10:53:54","guid":{"rendered":"https:\/\/acss.se\/inredning\/?page_id=4695"},"modified":"2025-11-24T19:47:20","modified_gmt":"2025-11-24T19:47:20","slug":"duschvaggar-kompaktlaminat","status":"publish","type":"page","link":"https:\/\/acss.se\/inredning\/duschvaggar-kompaktlaminat\/","title":{"rendered":"Duschv\u00e4ggar Kompaktlaminat"},"content":{"rendered":"\n<div class=\"wp-block-columns is-layout-flex wp-container-core-columns-is-layout-9d6595d7 wp-block-columns-is-layout-flex\">\n<div class=\"wp-block-column is-layout-flow wp-block-column-is-layout-flow\">\n<p>ACSS Duschv\u00e4ggar&nbsp;i HPL, 13mm kompaktlaminat, \u00e4r till f\u00f6r publika och offentliga platser s\u00e5 som skolor, idrottshallar, camping och f\u00f6r arbetsplatser med personalomkl\u00e4dningsrum d\u00e4r man vill erbjuda avskildhet.<\/p>\n\n\n\n<p><\/p>\n\n\n\n<div class=\"wp-block-columns is-layout-flex wp-container-core-columns-is-layout-9d6595d7 wp-block-columns-is-layout-flex\">\n<div class=\"wp-block-column is-layout-flow wp-block-column-is-layout-flow\">\n<p><strong>VAR?<\/strong><br>Skola, idrottshall<br>Sportarena, multihall<br>Simhall, Badhus<br>Camping<br>Personalomkl\u00e4dnad<br>Brandstation, bl\u00e5ljus<\/p>\n<\/div>\n\n\n\n<div class=\"wp-block-column is-layout-flow wp-block-column-is-layout-flow\">\n<p><strong>VARF\u00d6R?<\/strong><br>T\u00e5ligt och stabilt<br>Klarar fuktiga milj\u00f6er<br>M\u00e4ngder med f\u00e4rger, m\u00f6nster och tr\u00e4imitationer<br>N\u00e4r budget \u00e4r viktigt!<br>Kan bearbetas p\u00e5 plats<\/p>\n<\/div>\n<\/div>\n<\/div>\n\n\n\n<div class=\"wp-block-column is-layout-flow wp-block-column-is-layout-flow\">\n<figure data-wp-context=\"{&quot;imageId&quot;:&quot;69f5dcbfe3119&quot;}\" data-wp-interactive=\"core\/image\" data-wp-key=\"69f5dcbfe3119\" class=\"wp-block-image size-large is-style-default wp-lightbox-container\"><img loading=\"lazy\" decoding=\"async\" width=\"1024\" height=\"819\" data-wp-class--hide=\"state.isContentHidden\" data-wp-class--show=\"state.isContentVisible\" data-wp-init=\"callbacks.setButtonStyles\" data-wp-on--click=\"actions.showLightbox\" data-wp-on--load=\"callbacks.setButtonStyles\" data-wp-on-window--resize=\"callbacks.setButtonStyles\" src=\"https:\/\/acss.se\/inredning\/wp-content\/uploads\/Duschvagg-vit-svart-1024x819.jpg\" alt=\"\" class=\"wp-image-4700\" srcset=\"https:\/\/acss.se\/inredning\/wp-content\/uploads\/Duschvagg-vit-svart-1024x819.jpg 1024w, https:\/\/acss.se\/inredning\/wp-content\/uploads\/Duschvagg-vit-svart-300x240.jpg 300w, https:\/\/acss.se\/inredning\/wp-content\/uploads\/Duschvagg-vit-svart-768x614.jpg 768w, https:\/\/acss.se\/inredning\/wp-content\/uploads\/Duschvagg-vit-svart-1536x1229.jpg 1536w, https:\/\/acss.se\/inredning\/wp-content\/uploads\/Duschvagg-vit-svart-2048x1638.jpg 2048w\" sizes=\"auto, (max-width: 1024px) 100vw, 1024px\" \/><button\n\t\t\tclass=\"lightbox-trigger\"\n\t\t\ttype=\"button\"\n\t\t\taria-haspopup=\"dialog\"\n\t\t\taria-label=\"F\u00f6rstora\"\n\t\t\tdata-wp-init=\"callbacks.initTriggerButton\"\n\t\t\tdata-wp-on--click=\"actions.showLightbox\"\n\t\t\tdata-wp-style--right=\"state.imageButtonRight\"\n\t\t\tdata-wp-style--top=\"state.imageButtonTop\"\n\t\t>\n\t\t\t<svg xmlns=\"http:\/\/www.w3.org\/2000\/svg\" width=\"12\" height=\"12\" fill=\"none\" viewBox=\"0 0 12 12\">\n\t\t\t\t<path fill=\"#fff\" d=\"M2 0a2 2 0 0 0-2 2v2h1.5V2a.5.5 0 0 1 .5-.5h2V0H2Zm2 10.5H2a.5.5 0 0 1-.5-.5V8H0v2a2 2 0 0 0 2 2h2v-1.5ZM8 12v-1.5h2a.5.5 0 0 0 .5-.5V8H12v2a2 2 0 0 1-2 2H8Zm2-12a2 2 0 0 1 2 2v2h-1.5V2a.5.5 0 0 0-.5-.5H8V0h2Z\" \/>\n\t\t\t<\/svg>\n\t\t<\/button><figcaption class=\"wp-element-caption\">ACSS Duschv\u00e4gg i kompaktlaminat<\/figcaption><\/figure>\n<\/div>\n<\/div>\n\n\n\n<h3 class=\"wp-block-heading\">Modeller, material och konstruktion<\/h3>\n\n\n\n<p>ACSS duschv\u00e4ggar i kompaktlaminat \u00e4r av 13mm tjocka HPL-skivor med en specialbehandlad yta som g\u00f6r dem mycket rept\u00e5liga, slitstarka och n\u00f6tningsbest\u00e4ndiga. Tack vare det massiva k\u00e4rnmaterialet beh\u00f6vs ingen kantlist, ist\u00e4llet skapas eleganta fr\u00e4sta kanter direkt ur skivan f\u00f6r ett stilrent och h\u00e5llbart intryck. Detta system \u00e4r helt vattenresistent, fombest\u00e4ndigt och s\u00e4rskilt l\u00e4mpat f\u00f6r anv\u00e4ndning i fuktiga eller kr\u00e4vande milj\u00f6er d\u00e4r h\u00e5llbarhet och hygien \u00e4r avg\u00f6rande.<\/p>\n\n\n\n<p>Systemet kompletteras med t\u00e5liga aluminiumprofiler som finns tillg\u00e4ngliga i flera olika f\u00e4rger. <br>V\u00e4lj fritt bland 12 noggrant utvalda standardkul\u00f6rer och \u00e4nnu flera specialutf\u00f6randen f\u00f6r panelerna och skapa en milj\u00f6 som matchar b\u00e5de funktion och estetik.<\/p>\n\n\n\n<h3 class=\"wp-block-heading\">ACSS 13 RUND DUSCHV\u00c4GG<\/h3>\n\n\n\n<div class=\"wp-block-columns is-layout-flex wp-container-core-columns-is-layout-9d6595d7 wp-block-columns-is-layout-flex\">\n<div class=\"wp-block-column is-layout-flow wp-block-column-is-layout-flow\">\n<figure data-wp-context=\"{&quot;imageId&quot;:&quot;69f5dcbfe3762&quot;}\" data-wp-interactive=\"core\/image\" data-wp-key=\"69f5dcbfe3762\" class=\"wp-block-image size-full wp-lightbox-container\"><img loading=\"lazy\" decoding=\"async\" width=\"616\" height=\"493\" data-wp-class--hide=\"state.isContentHidden\" data-wp-class--show=\"state.isContentVisible\" data-wp-init=\"callbacks.setButtonStyles\" data-wp-on--click=\"actions.showLightbox\" data-wp-on--load=\"callbacks.setButtonStyles\" data-wp-on-window--resize=\"callbacks.setButtonStyles\" src=\"https:\/\/acss.se\/inredning\/wp-content\/uploads\/Duschvagg-gron.jpg\" alt=\"\" class=\"wp-image-4704\" srcset=\"https:\/\/acss.se\/inredning\/wp-content\/uploads\/Duschvagg-gron.jpg 616w, https:\/\/acss.se\/inredning\/wp-content\/uploads\/Duschvagg-gron-300x240.jpg 300w\" sizes=\"auto, (max-width: 616px) 100vw, 616px\" \/><button\n\t\t\tclass=\"lightbox-trigger\"\n\t\t\ttype=\"button\"\n\t\t\taria-haspopup=\"dialog\"\n\t\t\taria-label=\"F\u00f6rstora\"\n\t\t\tdata-wp-init=\"callbacks.initTriggerButton\"\n\t\t\tdata-wp-on--click=\"actions.showLightbox\"\n\t\t\tdata-wp-style--right=\"state.imageButtonRight\"\n\t\t\tdata-wp-style--top=\"state.imageButtonTop\"\n\t\t>\n\t\t\t<svg xmlns=\"http:\/\/www.w3.org\/2000\/svg\" width=\"12\" height=\"12\" fill=\"none\" viewBox=\"0 0 12 12\">\n\t\t\t\t<path fill=\"#fff\" d=\"M2 0a2 2 0 0 0-2 2v2h1.5V2a.5.5 0 0 1 .5-.5h2V0H2Zm2 10.5H2a.5.5 0 0 1-.5-.5V8H0v2a2 2 0 0 0 2 2h2v-1.5ZM8 12v-1.5h2a.5.5 0 0 0 .5-.5V8H12v2a2 2 0 0 1-2 2H8Zm2-12a2 2 0 0 1 2 2v2h-1.5V2a.5.5 0 0 0-.5-.5H8V0h2Z\" \/>\n\t\t\t<\/svg>\n\t\t<\/button><figcaption class=\"wp-element-caption\">ACSS 13 RUND DUSCHV\u00c4GG<br><\/figcaption><\/figure>\n<\/div>\n\n\n\n<div class=\"wp-block-column is-layout-flow wp-block-column-is-layout-flow\">\n<p>H\u00f6jd 2030 mm (huvudh\u00f6jd 1985) <br>eller <br>H\u00f6jd 2170 mm (huvudh\u00f6jd 2125)<\/p>\n\n\n\n<p>Mellanrum till golvet 150mm<\/p>\n\n\n\n<p>Bredd enligt \u00f6nskem\u00e5l (max 1800 utan skarv)<\/p>\n<\/div>\n<\/div>\n\n\n\n<div class=\"wp-block-columns is-layout-flex wp-container-core-columns-is-layout-9d6595d7 wp-block-columns-is-layout-flex\">\n<div class=\"wp-block-column is-layout-flow wp-block-column-is-layout-flow\">\n<figure data-wp-context=\"{&quot;imageId&quot;:&quot;69f5dcbfe4076&quot;}\" data-wp-interactive=\"core\/image\" data-wp-key=\"69f5dcbfe4076\" class=\"wp-block-image size-large wp-lightbox-container\"><img loading=\"lazy\" decoding=\"async\" width=\"1024\" height=\"819\" data-wp-class--hide=\"state.isContentHidden\" data-wp-class--show=\"state.isContentVisible\" data-wp-init=\"callbacks.setButtonStyles\" data-wp-on--click=\"actions.showLightbox\" data-wp-on--load=\"callbacks.setButtonStyles\" data-wp-on-window--resize=\"callbacks.setButtonStyles\" src=\"https:\/\/acss.se\/inredning\/wp-content\/uploads\/Profil-13-RUND-1024x819.jpg\" alt=\"Aluminiumprofil ACSS 13 RUND\" class=\"wp-image-4626\" srcset=\"https:\/\/acss.se\/inredning\/wp-content\/uploads\/Profil-13-RUND-1024x819.jpg 1024w, https:\/\/acss.se\/inredning\/wp-content\/uploads\/Profil-13-RUND-300x240.jpg 300w, https:\/\/acss.se\/inredning\/wp-content\/uploads\/Profil-13-RUND-768x615.jpg 768w, https:\/\/acss.se\/inredning\/wp-content\/uploads\/Profil-13-RUND.jpg 1201w\" sizes=\"auto, (max-width: 1024px) 100vw, 1024px\" \/><button\n\t\t\tclass=\"lightbox-trigger\"\n\t\t\ttype=\"button\"\n\t\t\taria-haspopup=\"dialog\"\n\t\t\taria-label=\"F\u00f6rstora\"\n\t\t\tdata-wp-init=\"callbacks.initTriggerButton\"\n\t\t\tdata-wp-on--click=\"actions.showLightbox\"\n\t\t\tdata-wp-style--right=\"state.imageButtonRight\"\n\t\t\tdata-wp-style--top=\"state.imageButtonTop\"\n\t\t>\n\t\t\t<svg xmlns=\"http:\/\/www.w3.org\/2000\/svg\" width=\"12\" height=\"12\" fill=\"none\" viewBox=\"0 0 12 12\">\n\t\t\t\t<path fill=\"#fff\" d=\"M2 0a2 2 0 0 0-2 2v2h1.5V2a.5.5 0 0 1 .5-.5h2V0H2Zm2 10.5H2a.5.5 0 0 1-.5-.5V8H0v2a2 2 0 0 0 2 2h2v-1.5ZM8 12v-1.5h2a.5.5 0 0 0 .5-.5V8H12v2a2 2 0 0 1-2 2H8Zm2-12a2 2 0 0 1 2 2v2h-1.5V2a.5.5 0 0 0-.5-.5H8V0h2Z\" \/>\n\t\t\t<\/svg>\n\t\t<\/button><figcaption class=\"wp-element-caption\">T\u00e4ckskena 45 x 86 mm, rundad-U-profil v\u00e4gg 22 x 30 mm<\/figcaption><\/figure>\n<\/div>\n\n\n\n<div class=\"wp-block-column is-layout-flow wp-block-column-is-layout-flow\">\n<figure data-wp-context=\"{&quot;imageId&quot;:&quot;69f5dcbfe4473&quot;}\" data-wp-interactive=\"core\/image\" data-wp-key=\"69f5dcbfe4473\" class=\"wp-block-image size-full wp-lightbox-container\"><img loading=\"lazy\" decoding=\"async\" width=\"270\" height=\"216\" data-wp-class--hide=\"state.isContentHidden\" data-wp-class--show=\"state.isContentVisible\" data-wp-init=\"callbacks.setButtonStyles\" data-wp-on--click=\"actions.showLightbox\" data-wp-on--load=\"callbacks.setButtonStyles\" data-wp-on-window--resize=\"callbacks.setButtonStyles\" src=\"https:\/\/acss.se\/inredning\/wp-content\/uploads\/fot-rund-5_4.jpg\" alt=\"\" class=\"wp-image-4794\"\/><button\n\t\t\tclass=\"lightbox-trigger\"\n\t\t\ttype=\"button\"\n\t\t\taria-haspopup=\"dialog\"\n\t\t\taria-label=\"F\u00f6rstora\"\n\t\t\tdata-wp-init=\"callbacks.initTriggerButton\"\n\t\t\tdata-wp-on--click=\"actions.showLightbox\"\n\t\t\tdata-wp-style--right=\"state.imageButtonRight\"\n\t\t\tdata-wp-style--top=\"state.imageButtonTop\"\n\t\t>\n\t\t\t<svg xmlns=\"http:\/\/www.w3.org\/2000\/svg\" width=\"12\" height=\"12\" fill=\"none\" viewBox=\"0 0 12 12\">\n\t\t\t\t<path fill=\"#fff\" d=\"M2 0a2 2 0 0 0-2 2v2h1.5V2a.5.5 0 0 1 .5-.5h2V0H2Zm2 10.5H2a.5.5 0 0 1-.5-.5V8H0v2a2 2 0 0 0 2 2h2v-1.5ZM8 12v-1.5h2a.5.5 0 0 0 .5-.5V8H12v2a2 2 0 0 1-2 2H8Zm2-12a2 2 0 0 1 2 2v2h-1.5V2a.5.5 0 0 0-.5-.5H8V0h2Z\" \/>\n\t\t\t<\/svg>\n\t\t<\/button><figcaption class=\"wp-element-caption\">Ben diam 40mm,<br>justerbar fot<\/figcaption><\/figure>\n<\/div>\n\n\n\n<div class=\"wp-block-column is-layout-flow wp-block-column-is-layout-flow\">\n<figure data-wp-context=\"{&quot;imageId&quot;:&quot;69f5dcbfe482e&quot;}\" data-wp-interactive=\"core\/image\" data-wp-key=\"69f5dcbfe482e\" class=\"wp-block-image size-full wp-lightbox-container\"><img loading=\"lazy\" decoding=\"async\" width=\"374\" height=\"299\" data-wp-class--hide=\"state.isContentHidden\" data-wp-class--show=\"state.isContentVisible\" data-wp-init=\"callbacks.setButtonStyles\" data-wp-on--click=\"actions.showLightbox\" data-wp-on--load=\"callbacks.setButtonStyles\" data-wp-on-window--resize=\"callbacks.setButtonStyles\" src=\"https:\/\/acss.se\/inredning\/wp-content\/uploads\/Horn-13-RUND.jpg\" alt=\"H\u00f6rnprofil f\u00f6r duschb\u00e5s modell ACSS 13 RUND\" class=\"wp-image-4621\" srcset=\"https:\/\/acss.se\/inredning\/wp-content\/uploads\/Horn-13-RUND.jpg 374w, https:\/\/acss.se\/inredning\/wp-content\/uploads\/Horn-13-RUND-300x240.jpg 300w\" sizes=\"auto, (max-width: 374px) 100vw, 374px\" \/><button\n\t\t\tclass=\"lightbox-trigger\"\n\t\t\ttype=\"button\"\n\t\t\taria-haspopup=\"dialog\"\n\t\t\taria-label=\"F\u00f6rstora\"\n\t\t\tdata-wp-init=\"callbacks.initTriggerButton\"\n\t\t\tdata-wp-on--click=\"actions.showLightbox\"\n\t\t\tdata-wp-style--right=\"state.imageButtonRight\"\n\t\t\tdata-wp-style--top=\"state.imageButtonTop\"\n\t\t>\n\t\t\t<svg xmlns=\"http:\/\/www.w3.org\/2000\/svg\" width=\"12\" height=\"12\" fill=\"none\" viewBox=\"0 0 12 12\">\n\t\t\t\t<path fill=\"#fff\" d=\"M2 0a2 2 0 0 0-2 2v2h1.5V2a.5.5 0 0 1 .5-.5h2V0H2Zm2 10.5H2a.5.5 0 0 1-.5-.5V8H0v2a2 2 0 0 0 2 2h2v-1.5ZM8 12v-1.5h2a.5.5 0 0 0 .5-.5V8H12v2a2 2 0 0 1-2 2H8Zm2-12a2 2 0 0 1 2 2v2h-1.5V2a.5.5 0 0 0-.5-.5H8V0h2Z\" \/>\n\t\t\t<\/svg>\n\t\t<\/button><figcaption class=\"wp-element-caption\">H\u00f6rnprofil 13 RUND<\/figcaption><\/figure>\n<\/div>\n<\/div>\n\n\n\n<div class=\"wp-block-columns is-layout-flex wp-container-core-columns-is-layout-9d6595d7 wp-block-columns-is-layout-flex\">\n<div class=\"wp-block-column is-layout-flow wp-block-column-is-layout-flow\">\n<figure data-wp-context=\"{&quot;imageId&quot;:&quot;69f5dcbfe4cda&quot;}\" data-wp-interactive=\"core\/image\" data-wp-key=\"69f5dcbfe4cda\" class=\"wp-block-image size-large wp-lightbox-container\"><img loading=\"lazy\" decoding=\"async\" width=\"1024\" height=\"819\" data-wp-class--hide=\"state.isContentHidden\" data-wp-class--show=\"state.isContentVisible\" data-wp-init=\"callbacks.setButtonStyles\" data-wp-on--click=\"actions.showLightbox\" data-wp-on--load=\"callbacks.setButtonStyles\" data-wp-on-window--resize=\"callbacks.setButtonStyles\" src=\"https:\/\/acss.se\/inredning\/wp-content\/uploads\/Duschvagg-med-front-1024x819.jpg\" alt=\"\" class=\"wp-image-4701\" srcset=\"https:\/\/acss.se\/inredning\/wp-content\/uploads\/Duschvagg-med-front-1024x819.jpg 1024w, https:\/\/acss.se\/inredning\/wp-content\/uploads\/Duschvagg-med-front-300x240.jpg 300w, https:\/\/acss.se\/inredning\/wp-content\/uploads\/Duschvagg-med-front-768x615.jpg 768w, https:\/\/acss.se\/inredning\/wp-content\/uploads\/Duschvagg-med-front-1536x1229.jpg 1536w, https:\/\/acss.se\/inredning\/wp-content\/uploads\/Duschvagg-med-front.jpg 1852w\" sizes=\"auto, (max-width: 1024px) 100vw, 1024px\" \/><button\n\t\t\tclass=\"lightbox-trigger\"\n\t\t\ttype=\"button\"\n\t\t\taria-haspopup=\"dialog\"\n\t\t\taria-label=\"F\u00f6rstora\"\n\t\t\tdata-wp-init=\"callbacks.initTriggerButton\"\n\t\t\tdata-wp-on--click=\"actions.showLightbox\"\n\t\t\tdata-wp-style--right=\"state.imageButtonRight\"\n\t\t\tdata-wp-style--top=\"state.imageButtonTop\"\n\t\t>\n\t\t\t<svg xmlns=\"http:\/\/www.w3.org\/2000\/svg\" width=\"12\" height=\"12\" fill=\"none\" viewBox=\"0 0 12 12\">\n\t\t\t\t<path fill=\"#fff\" d=\"M2 0a2 2 0 0 0-2 2v2h1.5V2a.5.5 0 0 1 .5-.5h2V0H2Zm2 10.5H2a.5.5 0 0 1-.5-.5V8H0v2a2 2 0 0 0 2 2h2v-1.5ZM8 12v-1.5h2a.5.5 0 0 0 .5-.5V8H12v2a2 2 0 0 1-2 2H8Zm2-12a2 2 0 0 1 2 2v2h-1.5V2a.5.5 0 0 0-.5-.5H8V0h2Z\" \/>\n\t\t\t<\/svg>\n\t\t<\/button><figcaption class=\"wp-element-caption\">Duschv\u00e4gg med frontpanel<\/figcaption><\/figure>\n<\/div>\n\n\n\n<div class=\"wp-block-column is-layout-flow wp-block-column-is-layout-flow\">\n<figure data-wp-context=\"{&quot;imageId&quot;:&quot;69f5dcbfe50af&quot;}\" data-wp-interactive=\"core\/image\" data-wp-key=\"69f5dcbfe50af\" class=\"wp-block-image size-large wp-lightbox-container\"><img loading=\"lazy\" decoding=\"async\" width=\"1024\" height=\"819\" data-wp-class--hide=\"state.isContentHidden\" data-wp-class--show=\"state.isContentVisible\" data-wp-init=\"callbacks.setButtonStyles\" data-wp-on--click=\"actions.showLightbox\" data-wp-on--load=\"callbacks.setButtonStyles\" data-wp-on-window--resize=\"callbacks.setButtonStyles\" src=\"https:\/\/acss.se\/inredning\/wp-content\/uploads\/Duschvagg-med-omkladningsdel-1024x819.jpg\" alt=\"\" class=\"wp-image-4702\" srcset=\"https:\/\/acss.se\/inredning\/wp-content\/uploads\/Duschvagg-med-omkladningsdel-1024x819.jpg 1024w, https:\/\/acss.se\/inredning\/wp-content\/uploads\/Duschvagg-med-omkladningsdel-300x240.jpg 300w, https:\/\/acss.se\/inredning\/wp-content\/uploads\/Duschvagg-med-omkladningsdel-768x614.jpg 768w, https:\/\/acss.se\/inredning\/wp-content\/uploads\/Duschvagg-med-omkladningsdel.jpg 1500w\" sizes=\"auto, (max-width: 1024px) 100vw, 1024px\" \/><button\n\t\t\tclass=\"lightbox-trigger\"\n\t\t\ttype=\"button\"\n\t\t\taria-haspopup=\"dialog\"\n\t\t\taria-label=\"F\u00f6rstora\"\n\t\t\tdata-wp-init=\"callbacks.initTriggerButton\"\n\t\t\tdata-wp-on--click=\"actions.showLightbox\"\n\t\t\tdata-wp-style--right=\"state.imageButtonRight\"\n\t\t\tdata-wp-style--top=\"state.imageButtonTop\"\n\t\t>\n\t\t\t<svg xmlns=\"http:\/\/www.w3.org\/2000\/svg\" width=\"12\" height=\"12\" fill=\"none\" viewBox=\"0 0 12 12\">\n\t\t\t\t<path fill=\"#fff\" d=\"M2 0a2 2 0 0 0-2 2v2h1.5V2a.5.5 0 0 1 .5-.5h2V0H2Zm2 10.5H2a.5.5 0 0 1-.5-.5V8H0v2a2 2 0 0 0 2 2h2v-1.5ZM8 12v-1.5h2a.5.5 0 0 0 .5-.5V8H12v2a2 2 0 0 1-2 2H8Zm2-12a2 2 0 0 1 2 2v2h-1.5V2a.5.5 0 0 0-.5-.5H8V0h2Z\" \/>\n\t\t\t<\/svg>\n\t\t<\/button><figcaption class=\"wp-element-caption\">Kombinerad dusch och omkl\u00e4dningsdel<\/figcaption><\/figure>\n<\/div>\n<\/div>\n\n\n\n<div class=\"wp-block-columns is-layout-flex wp-container-core-columns-is-layout-9d6595d7 wp-block-columns-is-layout-flex\">\n<div class=\"wp-block-column is-layout-flow wp-block-column-is-layout-flow\">\n<figure data-wp-context=\"{&quot;imageId&quot;:&quot;69f5dcbfe54b8&quot;}\" data-wp-interactive=\"core\/image\" data-wp-key=\"69f5dcbfe54b8\" class=\"wp-block-image size-large wp-lightbox-container\"><img loading=\"lazy\" decoding=\"async\" width=\"1024\" height=\"819\" data-wp-class--hide=\"state.isContentHidden\" data-wp-class--show=\"state.isContentVisible\" data-wp-init=\"callbacks.setButtonStyles\" data-wp-on--click=\"actions.showLightbox\" data-wp-on--load=\"callbacks.setButtonStyles\" data-wp-on-window--resize=\"callbacks.setButtonStyles\" src=\"https:\/\/acss.se\/inredning\/wp-content\/uploads\/Draperiskena-1024x819.jpg\" alt=\"\" class=\"wp-image-4806\" srcset=\"https:\/\/acss.se\/inredning\/wp-content\/uploads\/Draperiskena-1024x819.jpg 1024w, https:\/\/acss.se\/inredning\/wp-content\/uploads\/Draperiskena-300x240.jpg 300w, https:\/\/acss.se\/inredning\/wp-content\/uploads\/Draperiskena-768x614.jpg 768w, https:\/\/acss.se\/inredning\/wp-content\/uploads\/Draperiskena.jpg 1080w\" sizes=\"auto, (max-width: 1024px) 100vw, 1024px\" \/><button\n\t\t\tclass=\"lightbox-trigger\"\n\t\t\ttype=\"button\"\n\t\t\taria-haspopup=\"dialog\"\n\t\t\taria-label=\"F\u00f6rstora\"\n\t\t\tdata-wp-init=\"callbacks.initTriggerButton\"\n\t\t\tdata-wp-on--click=\"actions.showLightbox\"\n\t\t\tdata-wp-style--right=\"state.imageButtonRight\"\n\t\t\tdata-wp-style--top=\"state.imageButtonTop\"\n\t\t>\n\t\t\t<svg xmlns=\"http:\/\/www.w3.org\/2000\/svg\" width=\"12\" height=\"12\" fill=\"none\" viewBox=\"0 0 12 12\">\n\t\t\t\t<path fill=\"#fff\" d=\"M2 0a2 2 0 0 0-2 2v2h1.5V2a.5.5 0 0 1 .5-.5h2V0H2Zm2 10.5H2a.5.5 0 0 1-.5-.5V8H0v2a2 2 0 0 0 2 2h2v-1.5ZM8 12v-1.5h2a.5.5 0 0 0 .5-.5V8H12v2a2 2 0 0 1-2 2H8Zm2-12a2 2 0 0 1 2 2v2h-1.5V2a.5.5 0 0 0-.5-.5H8V0h2Z\" \/>\n\t\t\t<\/svg>\n\t\t<\/button><figcaption class=\"wp-element-caption\">Kan kompletteras med skena f\u00f6r duschdraperi<\/figcaption><\/figure>\n<\/div>\n\n\n\n<div class=\"wp-block-column is-layout-flow wp-block-column-is-layout-flow\"><\/div>\n<\/div>\n\n\n\n<h3 class=\"wp-block-heading\">Kul\u00f6rer och m\u00f6nster<\/h3>\n\n\n\n<p>Det finns 12st standardf\u00e4rger\/m\u00f6nster f\u00f6r panelerna och 9 standardf\u00e4rrger f\u00f6r profiler och beslag. Dessa har samma pris och kort leveranstid. Matcha paneler med beslag,&nbsp;eller skapa en snygg kombination av olika f\u00e4rger.<\/p>\n\n\n\n<figure class=\"wp-block-image size-large\"><img loading=\"lazy\" decoding=\"async\" width=\"720\" height=\"1024\" src=\"https:\/\/acss.se\/inredning\/wp-content\/uploads\/KULORER-720x1024.jpg\" alt=\"\" class=\"wp-image-4577\" srcset=\"https:\/\/acss.se\/inredning\/wp-content\/uploads\/KULORER-720x1024.jpg 720w, https:\/\/acss.se\/inredning\/wp-content\/uploads\/KULORER-211x300.jpg 211w, https:\/\/acss.se\/inredning\/wp-content\/uploads\/KULORER-768x1092.jpg 768w, https:\/\/acss.se\/inredning\/wp-content\/uploads\/KULORER-1080x1536.jpg 1080w, https:\/\/acss.se\/inredning\/wp-content\/uploads\/KULORER-1440x2048.jpg 1440w, https:\/\/acss.se\/inredning\/wp-content\/uploads\/KULORER-scaled.jpg 1801w\" sizes=\"auto, (max-width: 720px) 100vw, 720px\" \/><\/figure>\n\n\n\n<hr class=\"wp-block-separator has-css-opacity is-style-wide\"\/>\n\n\n\n<p class=\"has-text-align-center\"><\/p>\n\n\n\n<div class=\"wp-block-columns alignfull is-layout-flex wp-container-core-columns-is-layout-9d6595d7 wp-block-columns-is-layout-flex\">\n<div class=\"wp-block-column is-layout-flow wp-block-column-is-layout-flow\"><\/div>\n<\/div>\n\n\n\n<div class=\"wp-block-columns is-layout-flex wp-container-core-columns-is-layout-9d6595d7 wp-block-columns-is-layout-flex\">\n<div class=\"wp-block-column is-layout-flow wp-block-column-is-layout-flow\"><\/div>\n\n\n\n<div class=\"wp-block-column is-layout-flow wp-block-column-is-layout-flow\"><\/div>\n<\/div>\n\n\n\n<div class=\"wp-block-columns is-layout-flex wp-container-core-columns-is-layout-9d6595d7 wp-block-columns-is-layout-flex\">\n<div class=\"wp-block-column is-layout-flow wp-block-column-is-layout-flow\"><\/div>\n\n\n\n<div class=\"wp-block-column is-layout-flow wp-block-column-is-layout-flow\"><\/div>\n<\/div>\n\n\n\n<div class=\"wp-block-columns is-layout-flex wp-container-core-columns-is-layout-9d6595d7 wp-block-columns-is-layout-flex\">\n<div class=\"wp-block-column is-layout-flow wp-block-column-is-layout-flow\"><\/div>\n\n\n\n<div class=\"wp-block-column is-layout-flow wp-block-column-is-layout-flow\"><\/div>\n<\/div>\n\n\n\n<div class=\"wp-block-columns is-layout-flex wp-container-core-columns-is-layout-9d6595d7 wp-block-columns-is-layout-flex\">\n<div class=\"wp-block-column is-layout-flow wp-block-column-is-layout-flow\"><\/div>\n\n\n\n<div class=\"wp-block-column is-layout-flow wp-block-column-is-layout-flow\"><\/div>\n<\/div>\n\n\n\n<div class=\"wp-block-columns is-layout-flex wp-container-core-columns-is-layout-9d6595d7 wp-block-columns-is-layout-flex\">\n<div class=\"wp-block-column is-layout-flow wp-block-column-is-layout-flow\"><\/div>\n\n\n\n<div class=\"wp-block-column is-layout-flow wp-block-column-is-layout-flow\"><\/div>\n<\/div>\n\n\n\n<div class=\"wp-block-columns is-layout-flex wp-container-core-columns-is-layout-9d6595d7 wp-block-columns-is-layout-flex\">\n<div class=\"wp-block-column is-layout-flow wp-block-column-is-layout-flow\"><\/div>\n\n\n\n<div class=\"wp-block-column is-layout-flow wp-block-column-is-layout-flow\"><\/div>\n<\/div>\n\n\n\n<div class=\"wp-block-columns is-layout-flex wp-container-core-columns-is-layout-9d6595d7 wp-block-columns-is-layout-flex\">\n<div class=\"wp-block-column is-layout-flow wp-block-column-is-layout-flow\"><\/div>\n\n\n\n<div class=\"wp-block-column is-layout-flow wp-block-column-is-layout-flow\"><\/div>\n<\/div>\n\n\n\n<div class=\"wp-block-columns is-layout-flex wp-container-core-columns-is-layout-9d6595d7 wp-block-columns-is-layout-flex\">\n<div class=\"wp-block-column is-layout-flow wp-block-column-is-layout-flow\"><\/div>\n\n\n\n<div class=\"wp-block-column is-layout-flow wp-block-column-is-layout-flow\"><\/div>\n<\/div>\n\n\n\n<div class=\"wp-block-columns is-layout-flex wp-container-core-columns-is-layout-9d6595d7 wp-block-columns-is-layout-flex\">\n<div class=\"wp-block-column is-layout-flow wp-block-column-is-layout-flow\"><\/div>\n\n\n\n<div class=\"wp-block-column is-layout-flow wp-block-column-is-layout-flow\"><\/div>\n<\/div>\n\n\n\n<div class=\"wp-block-columns is-layout-flex wp-container-core-columns-is-layout-9d6595d7 wp-block-columns-is-layout-flex\">\n<div class=\"wp-block-column is-layout-flow wp-block-column-is-layout-flow\"><\/div>\n\n\n\n<div class=\"wp-block-column is-layout-flow wp-block-column-is-layout-flow\"><\/div>\n<\/div>\n\n\n\n<div class=\"wp-block-columns is-layout-flex wp-container-core-columns-is-layout-9d6595d7 wp-block-columns-is-layout-flex\">\n<div class=\"wp-block-column is-layout-flow wp-block-column-is-layout-flow\"><\/div>\n\n\n\n<div class=\"wp-block-column is-layout-flow wp-block-column-is-layout-flow\"><\/div>\n<\/div>\n\n\n\n<div class=\"wp-block-columns is-layout-flex wp-container-core-columns-is-layout-9d6595d7 wp-block-columns-is-layout-flex\">\n<div class=\"wp-block-column is-layout-flow wp-block-column-is-layout-flow\"><\/div>\n\n\n\n<div class=\"wp-block-column is-layout-flow wp-block-column-is-layout-flow\"><\/div>\n<\/div>\n\n\n\n<div class=\"wp-block-columns is-layout-flex wp-container-core-columns-is-layout-9d6595d7 wp-block-columns-is-layout-flex\">\n<div class=\"wp-block-column is-layout-flow wp-block-column-is-layout-flow\"><\/div>\n<\/div>\n\n\n\n<div class=\"wp-block-columns is-layout-flex wp-container-core-columns-is-layout-9d6595d7 wp-block-columns-is-layout-flex\">\n<div class=\"wp-block-column is-layout-flow wp-block-column-is-layout-flow\"><\/div>\n\n\n\n<div class=\"wp-block-column is-layout-flow wp-block-column-is-layout-flow\"><\/div>\n<\/div>\n\n\n\n<p><\/p>\n","protected":false},"excerpt":{"rendered":"<p>ACSS Duschv\u00e4ggar&nbsp;i HPL, 13mm kompaktlaminat, \u00e4r till f\u00f6r publika och offentliga platser s\u00e5 som skolor, idrottshallar, camping och f\u00f6r arbetsplatser med personalomkl\u00e4dningsrum d\u00e4r man vill erbjuda avskildhet. VAR?Skola, idrottshallSportarena, multihallSimhall, &#8230;<\/p>\n","protected":false},"author":5,"featured_media":0,"parent":0,"menu_order":0,"comment_status":"closed","ping_status":"closed","template":"","meta":{"footnotes":""},"class_list":["post-4695","page","type-page","status-publish","hentry"],"yoast_head":"<!-- This site is optimized with the Yoast SEO plugin v27.5 - https:\/\/yoast.com\/product\/yoast-seo-wordpress\/ -->\n<title>Duschv\u00e4ggar Kompaktlaminat - ACSS Inredning - Duschb\u00e5s, Duschkabiner, Toalettb\u00e5s, Sk\u00e5p, B\u00e4nkar<\/title>\n<meta name=\"robots\" content=\"index, follow, max-snippet:-1, max-image-preview:large, max-video-preview:-1\" \/>\n<link rel=\"canonical\" href=\"https:\/\/acss.se\/inredning\/duschvaggar-kompaktlaminat\/\" \/>\n<meta property=\"og:locale\" content=\"sv_SE\" \/>\n<meta property=\"og:type\" content=\"article\" \/>\n<meta property=\"og:title\" content=\"Duschv\u00e4ggar Kompaktlaminat - ACSS Inredning - Duschb\u00e5s, Duschkabiner, Toalettb\u00e5s, Sk\u00e5p, B\u00e4nkar\" \/>\n<meta property=\"og:description\" content=\"ACSS Duschv\u00e4ggar&nbsp;i HPL, 13mm kompaktlaminat, \u00e4r till f\u00f6r publika och offentliga platser s\u00e5 som skolor, idrottshallar, camping och f\u00f6r arbetsplatser med personalomkl\u00e4dningsrum d\u00e4r man vill erbjuda avskildhet. VAR?Skola, idrottshallSportarena, multihallSimhall, ...\" \/>\n<meta property=\"og:url\" content=\"https:\/\/acss.se\/inredning\/duschvaggar-kompaktlaminat\/\" \/>\n<meta property=\"og:site_name\" content=\"ACSS Inredning - Duschb\u00e5s, Duschkabiner, Toalettb\u00e5s, Sk\u00e5p, B\u00e4nkar\" \/>\n<meta property=\"article:modified_time\" content=\"2025-11-24T19:47:20+00:00\" \/>\n<meta property=\"og:image\" content=\"https:\/\/acss.se\/inredning\/wp-content\/uploads\/Duschvagg-vit-svart-scaled.jpg\" \/>\n\t<meta property=\"og:image:width\" content=\"2560\" \/>\n\t<meta property=\"og:image:height\" content=\"2048\" \/>\n\t<meta property=\"og:image:type\" content=\"image\/jpeg\" \/>\n<meta name=\"twitter:card\" content=\"summary_large_image\" \/>\n<meta name=\"twitter:label1\" content=\"Ber\u00e4knad l\u00e4stid\" \/>\n\t<meta name=\"twitter:data1\" content=\"4 minuter\" \/>\n<script type=\"application\/ld+json\" class=\"yoast-schema-graph\">{\"@context\":\"https:\\\/\\\/schema.org\",\"@graph\":[{\"@type\":\"WebPage\",\"@id\":\"https:\\\/\\\/acss.se\\\/inredning\\\/duschvaggar-kompaktlaminat\\\/\",\"url\":\"https:\\\/\\\/acss.se\\\/inredning\\\/duschvaggar-kompaktlaminat\\\/\",\"name\":\"Duschv\u00e4ggar Kompaktlaminat - ACSS Inredning - Duschb\u00e5s, Duschkabiner, Toalettb\u00e5s, Sk\u00e5p, B\u00e4nkar\",\"isPartOf\":{\"@id\":\"https:\\\/\\\/acss.se\\\/inredning\\\/#website\"},\"primaryImageOfPage\":{\"@id\":\"https:\\\/\\\/acss.se\\\/inredning\\\/duschvaggar-kompaktlaminat\\\/#primaryimage\"},\"image\":{\"@id\":\"https:\\\/\\\/acss.se\\\/inredning\\\/duschvaggar-kompaktlaminat\\\/#primaryimage\"},\"thumbnailUrl\":\"https:\\\/\\\/acss.se\\\/inredning\\\/wp-content\\\/uploads\\\/Duschvagg-vit-svart-1024x819.jpg\",\"datePublished\":\"2025-11-07T10:53:54+00:00\",\"dateModified\":\"2025-11-24T19:47:20+00:00\",\"breadcrumb\":{\"@id\":\"https:\\\/\\\/acss.se\\\/inredning\\\/duschvaggar-kompaktlaminat\\\/#breadcrumb\"},\"inLanguage\":\"sv-SE\",\"potentialAction\":[{\"@type\":\"ReadAction\",\"target\":[\"https:\\\/\\\/acss.se\\\/inredning\\\/duschvaggar-kompaktlaminat\\\/\"]}]},{\"@type\":\"ImageObject\",\"inLanguage\":\"sv-SE\",\"@id\":\"https:\\\/\\\/acss.se\\\/inredning\\\/duschvaggar-kompaktlaminat\\\/#primaryimage\",\"url\":\"https:\\\/\\\/acss.se\\\/inredning\\\/wp-content\\\/uploads\\\/Duschvagg-vit-svart-scaled.jpg\",\"contentUrl\":\"https:\\\/\\\/acss.se\\\/inredning\\\/wp-content\\\/uploads\\\/Duschvagg-vit-svart-scaled.jpg\",\"width\":2560,\"height\":2048},{\"@type\":\"BreadcrumbList\",\"@id\":\"https:\\\/\\\/acss.se\\\/inredning\\\/duschvaggar-kompaktlaminat\\\/#breadcrumb\",\"itemListElement\":[{\"@type\":\"ListItem\",\"position\":1,\"name\":\"Hem\",\"item\":\"https:\\\/\\\/acss.se\\\/inredning\\\/\"},{\"@type\":\"ListItem\",\"position\":2,\"name\":\"Duschv\u00e4ggar Kompaktlaminat\"}]},{\"@type\":\"WebSite\",\"@id\":\"https:\\\/\\\/acss.se\\\/inredning\\\/#website\",\"url\":\"https:\\\/\\\/acss.se\\\/inredning\\\/\",\"name\":\"ACSS Inredning\",\"description\":\"\",\"publisher\":{\"@id\":\"https:\\\/\\\/acss.se\\\/inredning\\\/#organization\"},\"potentialAction\":[{\"@type\":\"SearchAction\",\"target\":{\"@type\":\"EntryPoint\",\"urlTemplate\":\"https:\\\/\\\/acss.se\\\/inredning\\\/?s={search_term_string}\"},\"query-input\":{\"@type\":\"PropertyValueSpecification\",\"valueRequired\":true,\"valueName\":\"search_term_string\"}}],\"inLanguage\":\"sv-SE\"},{\"@type\":\"Organization\",\"@id\":\"https:\\\/\\\/acss.se\\\/inredning\\\/#organization\",\"name\":\"ACSS Inredning\",\"url\":\"https:\\\/\\\/acss.se\\\/inredning\\\/\",\"logo\":{\"@type\":\"ImageObject\",\"inLanguage\":\"sv-SE\",\"@id\":\"https:\\\/\\\/acss.se\\\/inredning\\\/#\\\/schema\\\/logo\\\/image\\\/\",\"url\":\"https:\\\/\\\/acss.se\\\/inredning\\\/wp-content\\\/uploads\\\/cropped-cropped-ACSS-jpeg-512x512-1-192x192-1.jpg\",\"contentUrl\":\"https:\\\/\\\/acss.se\\\/inredning\\\/wp-content\\\/uploads\\\/cropped-cropped-ACSS-jpeg-512x512-1-192x192-1.jpg\",\"width\":192,\"height\":76,\"caption\":\"ACSS Inredning\"},\"image\":{\"@id\":\"https:\\\/\\\/acss.se\\\/inredning\\\/#\\\/schema\\\/logo\\\/image\\\/\"}}]}<\/script>\n<!-- \/ Yoast SEO plugin. -->","yoast_head_json":{"title":"Duschv\u00e4ggar Kompaktlaminat - ACSS Inredning - Duschb\u00e5s, Duschkabiner, Toalettb\u00e5s, Sk\u00e5p, B\u00e4nkar","robots":{"index":"index","follow":"follow","max-snippet":"max-snippet:-1","max-image-preview":"max-image-preview:large","max-video-preview":"max-video-preview:-1"},"canonical":"https:\/\/acss.se\/inredning\/duschvaggar-kompaktlaminat\/","og_locale":"sv_SE","og_type":"article","og_title":"Duschv\u00e4ggar Kompaktlaminat - ACSS Inredning - Duschb\u00e5s, Duschkabiner, Toalettb\u00e5s, Sk\u00e5p, B\u00e4nkar","og_description":"ACSS Duschv\u00e4ggar&nbsp;i HPL, 13mm kompaktlaminat, \u00e4r till f\u00f6r publika och offentliga platser s\u00e5 som skolor, idrottshallar, camping och f\u00f6r arbetsplatser med personalomkl\u00e4dningsrum d\u00e4r man vill erbjuda avskildhet. VAR?Skola, idrottshallSportarena, multihallSimhall, ...","og_url":"https:\/\/acss.se\/inredning\/duschvaggar-kompaktlaminat\/","og_site_name":"ACSS Inredning - Duschb\u00e5s, Duschkabiner, Toalettb\u00e5s, Sk\u00e5p, B\u00e4nkar","article_modified_time":"2025-11-24T19:47:20+00:00","og_image":[{"width":2560,"height":2048,"url":"https:\/\/acss.se\/inredning\/wp-content\/uploads\/Duschvagg-vit-svart-scaled.jpg","type":"image\/jpeg"}],"twitter_card":"summary_large_image","twitter_misc":{"Ber\u00e4knad l\u00e4stid":"4 minuter"},"schema":{"@context":"https:\/\/schema.org","@graph":[{"@type":"WebPage","@id":"https:\/\/acss.se\/inredning\/duschvaggar-kompaktlaminat\/","url":"https:\/\/acss.se\/inredning\/duschvaggar-kompaktlaminat\/","name":"Duschv\u00e4ggar Kompaktlaminat - ACSS Inredning - Duschb\u00e5s, Duschkabiner, Toalettb\u00e5s, Sk\u00e5p, B\u00e4nkar","isPartOf":{"@id":"https:\/\/acss.se\/inredning\/#website"},"primaryImageOfPage":{"@id":"https:\/\/acss.se\/inredning\/duschvaggar-kompaktlaminat\/#primaryimage"},"image":{"@id":"https:\/\/acss.se\/inredning\/duschvaggar-kompaktlaminat\/#primaryimage"},"thumbnailUrl":"https:\/\/acss.se\/inredning\/wp-content\/uploads\/Duschvagg-vit-svart-1024x819.jpg","datePublished":"2025-11-07T10:53:54+00:00","dateModified":"2025-11-24T19:47:20+00:00","breadcrumb":{"@id":"https:\/\/acss.se\/inredning\/duschvaggar-kompaktlaminat\/#breadcrumb"},"inLanguage":"sv-SE","potentialAction":[{"@type":"ReadAction","target":["https:\/\/acss.se\/inredning\/duschvaggar-kompaktlaminat\/"]}]},{"@type":"ImageObject","inLanguage":"sv-SE","@id":"https:\/\/acss.se\/inredning\/duschvaggar-kompaktlaminat\/#primaryimage","url":"https:\/\/acss.se\/inredning\/wp-content\/uploads\/Duschvagg-vit-svart-scaled.jpg","contentUrl":"https:\/\/acss.se\/inredning\/wp-content\/uploads\/Duschvagg-vit-svart-scaled.jpg","width":2560,"height":2048},{"@type":"BreadcrumbList","@id":"https:\/\/acss.se\/inredning\/duschvaggar-kompaktlaminat\/#breadcrumb","itemListElement":[{"@type":"ListItem","position":1,"name":"Hem","item":"https:\/\/acss.se\/inredning\/"},{"@type":"ListItem","position":2,"name":"Duschv\u00e4ggar Kompaktlaminat"}]},{"@type":"WebSite","@id":"https:\/\/acss.se\/inredning\/#website","url":"https:\/\/acss.se\/inredning\/","name":"ACSS Inredning","description":"","publisher":{"@id":"https:\/\/acss.se\/inredning\/#organization"},"potentialAction":[{"@type":"SearchAction","target":{"@type":"EntryPoint","urlTemplate":"https:\/\/acss.se\/inredning\/?s={search_term_string}"},"query-input":{"@type":"PropertyValueSpecification","valueRequired":true,"valueName":"search_term_string"}}],"inLanguage":"sv-SE"},{"@type":"Organization","@id":"https:\/\/acss.se\/inredning\/#organization","name":"ACSS Inredning","url":"https:\/\/acss.se\/inredning\/","logo":{"@type":"ImageObject","inLanguage":"sv-SE","@id":"https:\/\/acss.se\/inredning\/#\/schema\/logo\/image\/","url":"https:\/\/acss.se\/inredning\/wp-content\/uploads\/cropped-cropped-ACSS-jpeg-512x512-1-192x192-1.jpg","contentUrl":"https:\/\/acss.se\/inredning\/wp-content\/uploads\/cropped-cropped-ACSS-jpeg-512x512-1-192x192-1.jpg","width":192,"height":76,"caption":"ACSS Inredning"},"image":{"@id":"https:\/\/acss.se\/inredning\/#\/schema\/logo\/image\/"}}]}},"_links":{"self":[{"href":"https:\/\/acss.se\/inredning\/wp-json\/wp\/v2\/pages\/4695","targetHints":{"allow":["GET"]}}],"collection":[{"href":"https:\/\/acss.se\/inredning\/wp-json\/wp\/v2\/pages"}],"about":[{"href":"https:\/\/acss.se\/inredning\/wp-json\/wp\/v2\/types\/page"}],"author":[{"embeddable":true,"href":"https:\/\/acss.se\/inredning\/wp-json\/wp\/v2\/users\/5"}],"replies":[{"embeddable":true,"href":"https:\/\/acss.se\/inredning\/wp-json\/wp\/v2\/comments?post=4695"}],"version-history":[{"count":12,"href":"https:\/\/acss.se\/inredning\/wp-json\/wp\/v2\/pages\/4695\/revisions"}],"predecessor-version":[{"id":4866,"href":"https:\/\/acss.se\/inredning\/wp-json\/wp\/v2\/pages\/4695\/revisions\/4866"}],"wp:attachment":[{"href":"https:\/\/acss.se\/inredning\/wp-json\/wp\/v2\/media?parent=4695"}],"curies":[{"name":"wp","href":"https:\/\/api.w.org\/{rel}","templated":true}]}}