{"version":"1.0","provider_name":"ACSS Inredning - Duschb\u00e5s, Duschkabiner, Toalettb\u00e5s, Sk\u00e5p, B\u00e4nkar","provider_url":"https:\/\/acss.se\/inredning","author_name":"Helena Andersen","author_url":"https:\/\/acss.se\/inredning\/author\/helenaacss-se\/","title":"Duschv\u00e4ggar Kompaktlaminat - ACSS Inredning - Duschb\u00e5s, Duschkabiner, Toalettb\u00e5s, Sk\u00e5p, B\u00e4nkar","type":"rich","width":600,"height":338,"html":"<blockquote class=\"wp-embedded-content\" data-secret=\"itCN3gvdEZ\"><a href=\"https:\/\/acss.se\/inredning\/duschvaggar-kompaktlaminat\/\">Duschv\u00e4ggar Kompaktlaminat<\/a><\/blockquote><iframe sandbox=\"allow-scripts\" security=\"restricted\" src=\"https:\/\/acss.se\/inredning\/duschvaggar-kompaktlaminat\/embed\/#?secret=itCN3gvdEZ\" width=\"600\" height=\"338\" title=\"\u201dDuschv\u00e4ggar Kompaktlaminat\u201d &ndash; ACSS Inredning - Duschb\u00e5s, Duschkabiner, Toalettb\u00e5s, Sk\u00e5p, B\u00e4nkar\" data-secret=\"itCN3gvdEZ\" frameborder=\"0\" marginwidth=\"0\" marginheight=\"0\" scrolling=\"no\" class=\"wp-embedded-content\"><\/iframe><script type=\"text\/javascript\">\n\/* <![CDATA[ *\/\n\/*! This file is auto-generated *\/\n!function(d,l){\"use strict\";l.querySelector&&d.addEventListener&&\"undefined\"!=typeof URL&&(d.wp=d.wp||{},d.wp.receiveEmbedMessage||(d.wp.receiveEmbedMessage=function(e){var t=e.data;if((t||t.secret||t.message||t.value)&&!\/[^a-zA-Z0-9]\/.test(t.secret)){for(var s,r,n,a=l.querySelectorAll('iframe[data-secret=\"'+t.secret+'\"]'),o=l.querySelectorAll('blockquote[data-secret=\"'+t.secret+'\"]'),c=new RegExp(\"^https?:$\",\"i\"),i=0;i<o.length;i++)o[i].style.display=\"none\";for(i=0;i<a.length;i++)s=a[i],e.source===s.contentWindow&&(s.removeAttribute(\"style\"),\"height\"===t.message?(1e3<(r=parseInt(t.value,10))?r=1e3:~~r<200&&(r=200),s.height=r):\"link\"===t.message&&(r=new URL(s.getAttribute(\"src\")),n=new URL(t.value),c.test(n.protocol))&&n.host===r.host&&l.activeElement===s&&(d.top.location.href=t.value))}},d.addEventListener(\"message\",d.wp.receiveEmbedMessage,!1),l.addEventListener(\"DOMContentLoaded\",function(){for(var e,t,s=l.querySelectorAll(\"iframe.wp-embedded-content\"),r=0;r<s.length;r++)(t=(e=s[r]).getAttribute(\"data-secret\"))||(t=Math.random().toString(36).substring(2,12),e.src+=\"#?secret=\"+t,e.setAttribute(\"data-secret\",t)),e.contentWindow.postMessage({message:\"ready\",secret:t},\"*\")},!1)))}(window,document);\n\/\/# sourceURL=https:\/\/acss.se\/inredning\/wp-includes\/js\/wp-embed.min.js\n\/* ]]> *\/\n<\/script>\n","description":"ACSS Duschv\u00e4ggar&nbsp;i HPL, 13mm kompaktlaminat, \u00e4r till f\u00f6r publika och offentliga platser s\u00e5 som skolor, idrottshallar, camping och f\u00f6r arbetsplatser med personalomkl\u00e4dningsrum d\u00e4r man vill erbjuda avskildhet. VAR?Skola, idrottshallSportarena, multihallSimhall, ...","thumbnail_url":"https:\/\/acss.se\/inredning\/wp-content\/uploads\/Duschvagg-vit-svart-scaled.jpg","thumbnail_width":2560,"thumbnail_height":2048}